{"total":100,"result":[{"type":"event","base_url":"https:\/\/shop.freiheit.org\/#!\/Veranstaltung\/B6KEC","title":"LIVESTREAM: Celebrating the Dalai Lama\u2019s Legacy ","date":"2026-04-25T09:00:00","start_date":"2026-04-25T09:00:00","end_date":"2026-04-25T11:00:00","full_text":"As a prominent spiritual leader and a symbol of the Tibetan struggle for self-determination, His Holiness the 14th Dalai Lama has profoundly influenced the global dialogue on democracy, religious freedom, and non-violence. His Holiness has also been a driving force for democratic reform of the Tibetan government-in-exile \u2014 a process the Friedrich Naumann Foundation for Freedom has been supporting since 1991.\r\n\r\nHis Holiness\u0027 90th birthday in July 2025 marked the beginning of the \u201cYear of Compassion,\u201d a global initiative celebrating his lifelong commitment to compassion, wisdom, and peace. We invite you to join us in commemorating his lifetime achievements and the impact he has had on people around the world.\r\n\r\n{The event will be held in English. \/ Die Veranstaltung findet in englischer Sprache statt.\\\r\nWith the kind support of\/Mit freundlicher Unterst\u00fctzung von}\r\n\u003Cp\u003E\r\n  \u003Ca href=\u0022https:\/\/www.airindia.com\/\u0022 target=\u0022_blank\u0022 rel=\u0022noopener noreferrer\u0022\u003E\r\n    \u003Cimg src=\u0022https:\/\/cloud.freiheit.org\/index.php\/apps\/files_sharing\/publicpreview\/iESCJZQAJRLMXiy?file=\/\u0026fileId=8055254\u0026x=1200\u0026y=675\u0026a=true\u0022 alt=\u0022Air India\u0022\u003E\r\n  \u003C\/a\u003E\r\n\u003C\/p\u003E\r\n\r\n\u003Cp\u003E\r\n  \u003Ca href=\u0022https:\/\/www.hessischerhof.de\/\u0022 target=\u0022_blank\u0022 rel=\u0022noopener noreferrer\u0022\u003E\r\n    \u003Cimg src=\u0022https:\/\/cloud.freiheit.org\/index.php\/s\/eGwQC2bmBsSeENy\/download\u0022 alt=\u0022Logo\u0022 style=\u0022width: 180px; height: auto;\u0022 \/\u003E\r\n  \u003C\/a\u003E\r\n\u003C\/p\u003E\r\n","location":{"lon":8.6821547,"lat":50.1102879},"locality":"virtuell"},{"type":"event","base_url":"https:\/\/shop.freiheit.org\/#!\/Veranstaltung\/R92Q3","title":"Celebrating the Dalai Lama\u2019s Legacy ","date":"2026-04-25T09:00:49","start_date":"2026-04-25T09:00:49","end_date":"2026-04-25T11:00:49","full_text":"As a prominent spiritual leader and a symbol of the Tibetan struggle for self-determination, His Holiness the 14th Dalai Lama has profoundly influenced the global dialogue on democracy, religious freedom, and non-violence. His Holiness has also been a driving force for democratic reform of the Tibetan government-in-exile \u2014 a process the Friedrich Naumann Foundation for Freedom has been supporting since 1991.\r\n\r\nHis Holiness\u0027 90th birthday in July 2025 marked the beginning of the \u201cYear of Compassion,\u201d a global initiative celebrating his lifelong commitment to compassion, wisdom, and peace. We invite you to join us in commemorating his lifetime achievements and the impact he has had on people around the world.\r\n\r\n{The event will be held in English. \/ Die Veranstaltung findet in englischer Sprache statt.\\\r\nWith the kind support of\/Mit freundlicher Unterst\u00fctzung von}\r\n\u003Cp\u003E\r\n  \u003Ca href=\u0022https:\/\/www.airindia.com\/\u0022 target=\u0022_blank\u0022 rel=\u0022noopener noreferrer\u0022\u003E\r\n    \u003Cimg src=\u0022https:\/\/cloud.freiheit.org\/index.php\/apps\/files_sharing\/publicpreview\/iESCJZQAJRLMXiy?file=\/\u0026fileId=8055254\u0026x=1200\u0026y=675\u0026a=true\u0022 alt=\u0022Air India\u0022\u003E\r\n  \u003C\/a\u003E\r\n\u003C\/p\u003E\r\n\r\n\u003Cp\u003E\r\n  \u003Ca href=\u0022https:\/\/www.hessischerhof.de\/\u0022 target=\u0022_blank\u0022 rel=\u0022noopener noreferrer\u0022\u003E\r\n\u003Cimg src=\u0022https:\/\/cloud.freiheit.org\/index.php\/s\/eGwQC2bmBsSeENy\/download\u0022 alt=\u0022Logo\u0022 style=\u0022width: 180px; height: auto;\u0022 \/\u003E\r\n\r\n\r\n\r\n  \u003C\/a\u003E\r\n\u003C\/p\u003E\r\n","location":{"lon":8.6821547,"lat":50.1102879},"locality":"Frankfurt am Main"},{"type":"event","base_url":"https:\/\/shop.freiheit.org\/#!\/Veranstaltung\/8BDOB","title":"Durch Zuh\u00f6ren gewinnst du Vertrauen","date":"2026-04-27T06:00:19","start_date":"2026-04-27T06:00:19","end_date":"2026-04-27T07:00:19","full_text":"Du engagierst dich politisch \u2013 und willst mit deinen Argumenten durchdringen? Dann kommt es nicht nur darauf an, was du sagst, sondern wie du auftrittst. In dieser dreiteiligen SkillTalk-Reihe lernst du, wie du deine Wirkung gezielt st\u00e4rkst: im Gespr\u00e4ch mit B\u00fcrgerinnen und B\u00fcrgern, in Diskussionen oder vor Publikum.\r\n\r\nDu trainierst klar und auf den Punkt zu kommunizieren, souver\u00e4n aufzutreten \u2013 auch in herausfordernden Situationen, Vertrauen aufzubauen und im Dialog zu \u00fcberzeugen. Kurz: Du entwickelst genau die kommunikativen F\u00e4higkeiten, die du f\u00fcr wirksame politische Arbeit brauchst. Praxisnah, kompakt und direkt anwendbar.\r\n\r\n\u003Cstrong\u003EIn Session 3  bereiten wir dich vor f\u00fcr gewinnbringende Gespr\u00e4che an der Haust\u00fcre.\u003C\/strong\u003E B\u00fcrgerdialog, der auf aktives und aufmerksames Hinh\u00f6ren abzielt. Weil genau diese Form der Kommunikation neues Vertrauen aufbauen kann. Wie aber beginnst du das Gespr\u00e4ch mit dem B\u00fcrger? Wie zeigst du echtes Interesse und wie f\u00fchrst du den Dialog zu einem sympathischen und in Erinnerung bleibenden Ende? \r\n\r\nGute politische Gespr\u00e4che beginnen nicht mit Argumenten \u2013 sondern mit echtem Zuh\u00f6ren. In dieser Session lernst du, wie du B\u00fcrgergespr\u00e4che souver\u00e4n und wertsch\u00e4tzend f\u00fchrst \u2013 gerade an der Haust\u00fcr.\r\n\r\n\u003Cstrong\u003EDas nimmst du konkret mit:\u003C\/strong\u003E\r\n\u2022 Ein sicherer und sympathischer Gespr\u00e4chseinstieg \r\n\u2022 Aktives Zuh\u00f6ren als Schl\u00fcssel zu Vertrauen \r\n\u2022 Wie du Interesse zeigst, ohne zu belehren \r\n\u2022 Wie du Gespr\u00e4che positiv und professionell abschlie\u00dft \r\n\r\nZiel: Du f\u00fchrst Gespr\u00e4che, die in Erinnerung bleiben \u2013 und Vertrauen schaffen.","location":null,"locality":"virtuell"},{"type":"event","base_url":"https:\/\/shop.freiheit.org\/#!\/Veranstaltung\/K85CW","title":"Tradition trifft Innovation \/ Zukunftswiesen Summit 2026","date":"2026-04-27T07:00:24","start_date":"2026-04-27T07:00:24","end_date":"2026-04-28T12:30:24","full_text":"Deutschland steht vor gewaltigen wirtschaftlichen Herausforderungen: Innovationsdruck, Massenentlassungen, geopolitische Spannungen und ein sp\u00fcrbarer digitaler R\u00fcckstand im Mittelstand. Deutschland hat starke Unternehmen, brillante K\u00f6pfe und eine Region voller Weltmarktf\u00fchrer. Doch es fehlt der gemeinsame Impuls. Innovationen entstehen, aber oft isoliert statt vernetzt. Der Wille ist da - das Momentum fehlt. Hidden Champions, Gr\u00fcnder und Talente stehen vor \u00e4hnlichen Herausforderungen, aber es fehlen gemeinsame R\u00e4ume f\u00fcr Austausch und damit bleiben Chancen ungenutzt. Es gibt viele Ideen \u2013 aber ein Umsetzungsproblem.\r\nDeutschland ist voller Know-how, Forschung und Unternehmergeist. Doch der Weg von der Idee zur Umsetzung stockt. Geschwindigkeit fehlt. Mut fehlt. Plattformen fehlen, die Dinge ins Rollen bringen. Fortschritt kommt zu langsam \u2013 und kostet Wettbewerbsf\u00e4higkeit.\r\nDer Zukunftswiesen Summit ist das gr\u00f6\u00dfte Zukunfts- und Innovations-Event der Weltmarktf\u00fchrer-Region. \u00dcber 1.500 Teilnehmer aus Unternehmen, Start-ups, Politik und Wissenschaft kommen zusammen, um \u00fcber Zukunftsthemen, Innovation und Transformation zu sprechen.\r\nWeitere Informationen, vollst\u00e4ndiges Programm und Tickets unter: www.zukunfts-macher.de\r\n\r\nDie Veranstaltung ist kostenpflichtig. 30 % Rabatt auf die Tickets erhalten Sie mit dem Code {FNF30}.\r\nDie Einl\u00f6sung erfolgt wie folgt: www.zukunfts-macher.de, Bewerbungsformular ausf\u00fcllen, Ticketcode angeben, automatische R\u00fcckmeldung mit Link zu den Tickets.\r\nEine begrenzte Anzahl kostenfreier Tickets ist verf\u00fcgbar per Mail an stuttgart@freiheit.org\r\n\r\n","location":{"lon":9.9514088,"lat":49.1659546},"locality":"Ilshofen"},{"type":"event","base_url":"https:\/\/shop.freiheit.org\/#!\/Veranstaltung\/NOR43","title":"Syrien nach Assad - Kein Frieden in Sicht? ","date":"2026-04-27T16:00:10","start_date":"2026-04-27T16:00:10","end_date":"2026-04-27T17:00:10","full_text":"Der Sturz des Assad-Regimes im Dezember 2024 weckte bei vielen Syrerinnen und Syrern Hoffnungen auf Freiheit, Gerechtigkeit und einen Neuanfang. Mehr als ein Jahr sp\u00e4ter bleibt die Lage jedoch von Gewalt, Menschenrechtsverletzungen und Unsicherheit gepr\u00e4gt.\r\n\r\nInsbesondere Minderheiten wie Alawiten und Drusen sind weiterhin von Angriffen, Entf\u00fchrungen, willk\u00fcrlichen Festnahmen und sexualisierter Gewalt betroffen. Vor diesem Hintergrund stellt sich die Frage, welche Rolle Europa beim Schutz der Menschenrechte, beim Wiederaufbau und bei der St\u00e4rkung demokratischer Kr\u00e4fte in Syrien \u00fcbernehmen kann.\r\n\r\nIn einem Gespr\u00e4ch mit Mariam Claren, Jan-Christoph Oetjen MdEP und Kristof Kleemann (FNF Syrien\/Libanon) wollen wir die Lage in Syrien nach dem Sturz des Regimes sachlich einordnen und dar\u00fcber sprechen, welche Perspektiven f\u00fcr Frieden, Gerechtigkeit und Stabilit\u00e4t entstehen k\u00f6nnen. Zugleich sollen die Herausforderungen und Handlungsoptionen f\u00fcr Deutschland in diesem Zusammenhang diskutiert werden.","location":{"lon":9.1684047,"lat":48.7731886},"locality":"virtuell"},{"type":"event","base_url":"https:\/\/shop.freiheit.org\/#!\/Veranstaltung\/UIAI6","title":"Pflicht oder Freiheit?","date":"2026-04-27T17:00:00","start_date":"2026-04-27T17:00:00","end_date":"2026-04-27T18:15:00","full_text":"Die im Grundgesetz seit 1956 verankerte Wehrpflicht hat der Deutsche Bundestag 2011 ausgesetzt. Begr\u00fcndet wurde dies in aller erster Linie mit notwendigen Einsparungen im Haushalt. Auch gab es nach dem Ende des Kalten Krieges keine unmittelbare Bedrohung mehr durch gro\u00dfe konventionelle Armeen. \r\nSeither hat sich die Sicherheitslage deutlich verschlechtert. Der russische Angriff auf die Ukraine und hybride Angriffe auf Deutschland beunruhigen die Bev\u00f6lkerung. Eine St\u00e4rkung der Bundeswehr wird mehrheitlich als notwendig angesehen.\r\nDer in diesem Jahr gestartete \u201eNeue Wehrdienst\u201c soll zun\u00e4chst freiwillig, bei Bedarf aber auch verpflichtend die Personalst\u00e4rke erh\u00f6hen und sorgt f\u00fcr kontroverse Diskussionen. Kritiker:innen warnen vor gesellschaftlichen und wirtschaftlichen Kosten sowie Einschr\u00e4nkungen der pers\u00f6nlichen Freiheit. Viele junge Menschen lehnen eine Pflicht ab, fordern Mitsprache und hinterfragen den Einfluss auf ihre Lebensplanung. Gleichzeitig sind viele bereit, freiwillig Verantwortung zu \u00fcbernehmen, erwarten jedoch transparente Ziele und klare Abgrenzungen.\r\nIn unserem Webtalk wird u. a. diskutiert, was die Bundeswehr f\u00fcr B\u00fcndnis- und Landesverteidigung ben\u00f6tigt, ob die neue Wehrpflicht ausreicht, ob Ausbildung und Einsatz m\u00f6glich sind und ob ein Losverfahren Wehrgerechtigkeit sichert. \u00dcber diese und weitere Fragen diskutieren mit Moderator {Alexander Bagus} der Bundesvorsitzende der Jungen Liberalen {Finn Flebbe}, {Andr\u00e9 Hassan Khan}, Bundesvorsitzender der Liberalen Soldaten und Veteranen e. V., Milit\u00e4rsoziologe {Dr. Timo Graf} sowie der diplomatische Korrespondent der Chefredaktion des Berliner \u201eTagesspiegel\u201d, {Dr. Christoph von Marschall}.\r\nMelden Sie sich zu der spannenden Diskussion an! Wir freuen uns \u00fcber Ihre Teilnahme.\r\n","location":{"lon":9.1684047,"lat":48.7731886},"locality":"virtuell"},{"type":"event","base_url":"https:\/\/shop.freiheit.org\/#!\/Veranstaltung\/F6B2A","title":"Vom Entwicklungsland zur Supermacht","date":"2026-04-27T17:00:06","start_date":"2026-04-27T17:00:06","end_date":"2026-04-27T18:30:06","full_text":"Indien ist heute vor allem eins: ein Land im Wandel. In den vergangenen Jahrzehnten hat sich die einstige Entwicklungs\u00f6konomie zu einer aufstrebenden globalen Kraft entwickelt. Mit einer jungen Bev\u00f6lkerung, rasant wachsender Wirtschaft und zunehmendem geopolitischem Einfluss r\u00fcckt Indien immer st\u00e4rker in den Fokus der internationalen Politik und M\u00e4rkte. Gleichzeitig pr\u00e4gen innenpolitische Dynamiken, soziale Spannungen und ambitionierte Reformvorhaben die Entwicklung des Landes. \r\nWohin entwickelt sich Indien auf dem Weg zur wirtschaftlichen und politischen Supermacht? Welche innenpolitischen Faktoren bestimmen den Kurs der Regierung? Wie positioniert sich das Land im globalen Machtgef\u00fcge zwischen den USA, China und Europa? Welche Chancen und Risiken ergeben sich f\u00fcr die internationale Zusammenarbeit? Und wie kann Deutschland vom dynamischen Wachstum Indiens als Schwellenland profitieren?\r\n\r\nDiese und weitere Fragen m\u00f6chten wir mit {Stefan Schott}, Projektleiter Indien der Friedrich-Naumann-Stiftung f\u00fcr die Freiheit, {Dr. Ann-Veruschka Jurisch}, ehemalige Bundestagsabgeordnete und ehemalige Referentin im Entwicklungsministerium, sowie {Debarati Guha}, Programmdirektorin f\u00fcr Asien bei der Deutschen Welle, diskutieren \u2013 und mit Ihnen!\r\n\r\nDie Friedrich-Naumann-Stiftung f\u00fcr die Freiheit leistet mit dieser vom Bundesministerium f\u00fcr wirtschaftliche Zusammenarbeit und Entwicklung (BMZ) gef\u00f6rderten Veranstaltung einen Beitrag dazu, die Ziele der 2015 von den Vereinten Nationen verabschiedeten Agenda 2030, insbesondere im Bereich Menschenrechte und Rechtsstaatlichkeit, bekannter zu machen.","location":{"lon":9.1798903,"lat":48.7834451},"locality":"Stuttgart"},{"type":"event","base_url":"https:\/\/shop.freiheit.org\/#!\/Veranstaltung\/BLEYO","title":"Die Schuldnergeneration: Die Generation, die alles bezahlen muss ","date":"2026-04-27T17:00:28","start_date":"2026-04-27T17:00:28","end_date":"2026-04-27T18:00:28","full_text":"In seinem neuen Buch: {Generation Debts. Die Generation, die alles bezahlen muss} warnt {Frank Sch\u00e4ffler} vor einer gewaltigen Schuldenlast in Billionenh\u00f6he, die auf die junge Generation zukommt. Die Boomer-Generation, die jetzt in Rente geht, hat diese Lasten aufget\u00fcrmt und will jetzt versorgt werden. Die Regierung und der Deutsche Bundestag schauen tatenlos zu. Mehr noch, durch die faktische Abschaffung der Schuldenbremse wird noch mehr auf Pump finanziert und der Generation Debts aufgeb\u00fcrdet. Die Boomer leben nach dem Motto: nach uns die Sintflut. \r\n\r\nWie kann die Generation Debts, die Schuldengeneration von heute, diesem Armageddon-Moment entfliehen? Was kann jeder Einzelne tun, welche Weichen muss die Gesellschaft stellen, und welche Rolle kann Bitcoin dabei spielen, um Freiheit und Wohlstand zu erhalten? \u00dcber diese und weitere Fragen diskutiert {Prof. Dr. Gunther Schnabl} mit dem Autor und Finanzpolitiker {Frank Sch\u00e4ffler}. \r\n\r\nDie Reihe {Fokus Wirtschaftspolitik} nimmt die Herausforderungen der deutschen Wirtschaft in den Blick, welche stark an internationaler Wettbewerbsf\u00e4higkeit verloren hat. Geldwertstabilit\u00e4t, Ausgabendisziplin, Wettbewerb und B\u00fcrokratieabbau sind Kernziele einer liberalen Wirtschaftspolitik, hin zu einer Erneuerung der Sozialen Marktwirtschaft im Sinne Ludwig Erhards. Unser Gastgeber Prof. Dr. Gunther Schnabl, Direktor des Flossbach von Storch Research Institute und Professor an der Universit\u00e4t Leipzig, diskutiert mit Experten aus Politik, Wissenschaft, Wirtschaft und Verb\u00e4nden, wie Deutschland wieder wettbewerbsf\u00e4hig werden kann.\r\n\r\nIn Kooperation mit:\r\n\u003Ctitle\u003EDreispaltige Tabelle\u003C\/title\u003E \u003Cstyle\u003E table { width: 100%; border-collapse: collapse; } td { border: 1px solid black; padding: 10px; vertical-align: top; } .logo { width: 10px; } .spacer { width: 10px; } \u003C\/style\u003E \u003C\/head\u003E \u003Cbody\u003E \u003Ctable\u003E \u003Ctr\u003E \u003Ctd\u003E \u003Ca href=\u0022https:\/\/kuelz-stiftung.de\/\u0022 title=\u0022Zur Startseite\u0022\u003E \u003Cimg class=\u0022logo\u0022 src=\u0022https:\/\/kuelz-stiftung.de\/cms\/wp-content\/uploads\/2016\/03\/Logo_kuelz-2.jpg\u0022\u003E \u003C\/a\u003E \u003C\/td\u003E \u003Ctd class=\u0022spacer\u0022\u003E\u003C\/td\u003E","location":null,"locality":"virtuell"},{"type":"event","base_url":"https:\/\/shop.freiheit.org\/#!\/Veranstaltung\/O7PGQ","title":"Online-Sprechstunde zum Ausbildungsstipendium ","date":"2026-04-28T15:00:14","start_date":"2026-04-28T15:00:14","end_date":"2026-04-28T15:30:00","full_text":"Im Rahmen unserer Online-Sprechstunde werden {alle Fragen zum neuen Ausbildungsstipendium} beantwortet.\r\n\r\nDie Bewerbungsphase l\u00e4uft:\r\n\r\n- Was bringt mir ein Stipendium?\r\n- Wer kann sich bewerben?\r\n- Wo und wie kann ich mich bewerben?\r\n- Worauf kommt es bei der Bewerbung an und welche Unterlagen werden ben\u00f6tigt?\r\n- Wie sieht die F\u00f6rderung im Rahmen des Ausbildungsstipendiums aus?\r\n...und vieles mehr!\r\n\r\nDer Link zur Online-Sprechstunde wird nach Anmeldung an die Teilnehmenden versendet.\r\n\r\nBei R\u00fcckfragen zum Ausbildungsstipendium sind wir zudem erreichbar unter {azubi-stipendien@freiheit.org} oder {030- 2099 3702}.\r\n\r\nInformieren Sie sich gerne vorab unter:\r\nhttps:\/\/www.freiheit.org\/de\/stipendien-fuer-auszubildende\r\n\r\nZoomLink:\r\n\r\n{https:\/\/zoom.us\/j\/97642799244?pwd=VaK1QgKr3zpZt70KjZo6L56inPBN9X.1}\r\n\r\n\r\n\r\n\r\n\r\n","location":{"lon":13.1230493,"lat":52.3958392},"locality":"Potsdam"},{"type":"event","base_url":"https:\/\/shop.freiheit.org\/#!\/Veranstaltung\/8BJSU","title":"Mobilisierung, die bewegt. Social Media entscheidet Wahlen","date":"2026-04-28T15:00:34","start_date":"2026-04-28T15:00:34","end_date":"2026-04-28T16:00:34","full_text":"Was macht liberale Parteien weltweit erfolgreich? Welche Strategien, Kampagneninstrumente und Organisationsformen funktionieren \u2013 und was davon w\u00e4re auf Deutschland \u00fcbertragbar?\r\n\r\n\u003Cstrong\u003ELi:Campaign International ist eine digitale Videocast-Reihe:\u003C\/strong\u003E Wir stellen Best Practices aus erfolgreichen liberalen Parteien und Bewegungen vor. Jeder Episode analysiert strategische Ans\u00e4tze, Wahlkampfinstrumente, Mitglieder- und W\u00e4hlermobilisierung sowie Fragen der politischen Positionierung \u2013 immer mit klarem Praxisbezug f\u00fcr dein politisches Wirken in Deutschland.\r\n\r\n\u003Cstrong\u003EEpisode 3: Progres\u00edvne Slovensko (PS),\u003C\/strong\u003E Slowakei, hat sich in den vergangenen Jahren als zentrale progressive Kraft in der slowakischen Politik etabliert und spricht insbesondere junge, urbane und pro-europ\u00e4ische W\u00e4hlerinnen an. In einem zunehmend kompetitiven und digital gepr\u00e4gten politischen Umfeld spielt Social Media eine entscheidende Rolle, um Reichweite zu erzielen, Unterst\u00fctzerinnen zu aktivieren und politische Narrative zu pr\u00e4gen.\r\n\r\nIn dieser Episode diskutieren wir mit Zuzana Palu\u0161\u00e1kov\u00e1, wie strategische Content-Planung, plattformgerechte Ansprache und datenbasierte Optimierung dazu beitragen, politische Mobilisierung erfolgreich umzusetzen. Im Fokus steht die Frage, wie Parteien Social Media nicht nur als Kommunikationskanal, sondern als zentrales Instrument zur Aktivierung und Einbindung von W\u00e4hlerinnen nutzen k\u00f6nnen.\r\n\r\n{Leitfragen:}\r\n\u25cf Wodurch ist PS in der Slowakei besonders erfolgreich?\r\n\u25cf Welche strategischen Entscheidungen sind daf\u00fcr ausschlaggebend?\r\n\u25cf Welche Instrumente und Methoden haben sich bew\u00e4hrt?\r\n\u25cf Was l\u00e4sst sich auf deutsche Kontexte \u00fcbertragen?\r\n\r\n{Zu jeder Episode erhalten die Teilnehmenden ein kompaktes Strategie- und Kampagnenbriefing (2\u20133 Seiten) mit:}\r\n\u25cf Einordnung des politischen Kontextes,\r\n\u25cf zentralen Erfolgsfaktoren,\r\n\u25cf konkreten Handlungsempfehlungen,\r\n\u25cf Checklisten und Transferimpulsen f\u00fcr die Praxis.\r\n\r\nDie Reihe richtet sich an ehren- und hauptamtliche F\u00fchrungstr\u00e4ger in Politik und Zivilgesellschaft, an engagierte Mitglieder sowie strategisch Interessierte auf Orts-, Kreis- und Landesebene. Ziel ist es, internationale Inspiration mit unmittelbar umsetzbaren Impulsen f\u00fcr die eigene politische Arbeit zu verbinden \u2013 praxisnah, strukturiert und \u00fcbertragbar.","location":null,"locality":"virtuell"}]}